{"id":36349541,"date":"2026-05-18T13:01:40","date_gmt":"2026-05-18T11:01:40","guid":{"rendered":"https:\/\/www.centre-commercial.fr\/carrefour-valdyerres\/?post_type=boutique&#038;p=36349541"},"modified":"2026-05-18T13:01:40","modified_gmt":"2026-05-18T11:01:40","slug":"dubai-land","status":"publish","type":"boutique","link":"https:\/\/www.centre-commercial.fr\/carrefour-valdyerres\/boutique\/dubai-land\/","title":{"rendered":"Duba\u00ef Land"},"content":{"rendered":"\n<p>Venez d\u00e9couvrir une large s\u00e9lection de v\u00eatements, cosm\u00e9tiques, parfums et produits locaux, soigneusement choisis pour vous offrir des produits uniques et de qualit\u00e9. Entre fragrances envo\u00fbtantes, soins inspir\u00e9s des rituels orientaux et pi\u00e8ces de mode tendance, Duba\u00ef Land vous propose une v\u00e9ritable exp\u00e9rience shopping en voyageant \u00e0 Duba\u00ef ! <\/p>\n","protected":false},"author":52470,"featured_media":0,"template":"","categorie-boutique":[23,68],"class_list":["post-36349541","boutique","type-boutique","status-publish","hentry","categorie-boutique-beaute-sante","categorie-boutique-maison-decoration"],"acf":[],"yoast_head":"<!-- This site is optimized with the Yoast SEO plugin v27.7 - https:\/\/yoast.com\/product\/yoast-seo-wordpress\/ -->\n<title>Duba\u00ef Land - Centre Commercial Carrefour Val d&#039;Yerres - Boussy<\/title>\n<meta name=\"robots\" content=\"index, follow, max-snippet:-1, max-image-preview:large, max-video-preview:-1\" \/>\n<link rel=\"canonical\" href=\"https:\/\/www.centre-commercial.fr\/carrefour-valdyerres\/boutique\/dubai-land\/\" \/>\n<meta property=\"og:locale\" content=\"fr_FR\" \/>\n<meta property=\"og:type\" content=\"article\" \/>\n<meta property=\"og:title\" content=\"Duba\u00ef Land - Centre Commercial Carrefour Val d&#039;Yerres - Boussy\" \/>\n<meta property=\"og:description\" content=\"Venez d\u00e9couvrir une large s\u00e9lection de v\u00eatements, cosm\u00e9tiques, parfums et produits locaux, soigneusement choisis pour vous offrir des produits uniques et de qualit\u00e9. Entre fragrances envo\u00fbtantes, soins inspir\u00e9s des rituels orientaux et pi\u00e8ces de mode tendance, Duba\u00ef Land vous propose une v\u00e9ritable exp\u00e9rience shopping en voyageant \u00e0 Duba\u00ef !\" \/>\n<meta property=\"og:url\" content=\"https:\/\/www.centre-commercial.fr\/carrefour-valdyerres\/boutique\/dubai-land\/\" \/>\n<meta property=\"og:site_name\" content=\"Centre Commercial Carrefour Val d&#039;Yerres - Boussy\" \/>\n<meta name=\"twitter:card\" content=\"summary_large_image\" \/>\n<script type=\"application\/ld+json\" class=\"yoast-schema-graph\">{\"@context\":\"https:\\\/\\\/schema.org\",\"@graph\":[{\"@type\":\"WebPage\",\"@id\":\"https:\\\/\\\/www.centre-commercial.fr\\\/carrefour-valdyerres\\\/boutique\\\/dubai-land\\\/\",\"url\":\"https:\\\/\\\/www.centre-commercial.fr\\\/carrefour-valdyerres\\\/boutique\\\/dubai-land\\\/\",\"name\":\"Duba\u00ef Land - Centre Commercial Carrefour Val d&#039;Yerres - Boussy\",\"isPartOf\":{\"@id\":\"https:\\\/\\\/www.centre-commercial.fr\\\/carrefour-valdyerres\\\/#website\"},\"datePublished\":\"2026-05-18T11:01:40+00:00\",\"breadcrumb\":{\"@id\":\"https:\\\/\\\/www.centre-commercial.fr\\\/carrefour-valdyerres\\\/boutique\\\/dubai-land\\\/#breadcrumb\"},\"inLanguage\":\"fr-FR\",\"potentialAction\":[{\"@type\":\"ReadAction\",\"target\":[\"https:\\\/\\\/www.centre-commercial.fr\\\/carrefour-valdyerres\\\/boutique\\\/dubai-land\\\/\"]}]},{\"@type\":\"BreadcrumbList\",\"@id\":\"https:\\\/\\\/www.centre-commercial.fr\\\/carrefour-valdyerres\\\/boutique\\\/dubai-land\\\/#breadcrumb\",\"itemListElement\":[{\"@type\":\"ListItem\",\"position\":1,\"name\":\"Accueil\",\"item\":\"https:\\\/\\\/www.centre-commercial.fr\\\/carrefour-valdyerres\\\/\"},{\"@type\":\"ListItem\",\"position\":2,\"name\":\"Boutiques\",\"item\":\"https:\\\/\\\/www.centre-commercial.fr\\\/carrefour-valdyerres\\\/boutiques\\\/\"},{\"@type\":\"ListItem\",\"position\":3,\"name\":\"Duba\u00ef Land\",\"item\":\"https:\\\/\\\/www.centre-commercial.fr\\\/carrefour-valdyerres\\\/boutique\\\/dubai-land\\\/\"}]},{\"@type\":\"WebSite\",\"@id\":\"https:\\\/\\\/www.centre-commercial.fr\\\/carrefour-valdyerres\\\/#website\",\"url\":\"https:\\\/\\\/www.centre-commercial.fr\\\/carrefour-valdyerres\\\/\",\"name\":\"Centre Commercial Carrefour Val d&#039;Yerres - Boussy\",\"description\":\"\",\"publisher\":{\"@id\":\"https:\\\/\\\/www.centre-commercial.fr\\\/carrefour-valdyerres\\\/#organization\"},\"potentialAction\":[{\"@type\":\"SearchAction\",\"target\":{\"@type\":\"EntryPoint\",\"urlTemplate\":\"https:\\\/\\\/www.centre-commercial.fr\\\/carrefour-valdyerres\\\/?s={search_term_string}\"},\"query-input\":{\"@type\":\"PropertyValueSpecification\",\"valueRequired\":true,\"valueName\":\"search_term_string\"}}],\"inLanguage\":\"fr-FR\"},{\"@type\":\"Organization\",\"@id\":\"https:\\\/\\\/www.centre-commercial.fr\\\/carrefour-valdyerres\\\/#organization\",\"name\":\"Centre Commercial Carrefour Val d&#039;Yerres - Boussy\",\"url\":\"https:\\\/\\\/www.centre-commercial.fr\\\/carrefour-valdyerres\\\/\",\"logo\":{\"@type\":\"ImageObject\",\"inLanguage\":\"fr-FR\",\"@id\":\"https:\\\/\\\/www.centre-commercial.fr\\\/carrefour-valdyerres\\\/#\\\/schema\\\/logo\\\/image\\\/\",\"url\":\"https:\\\/\\\/www.centre-commercial.fr\\\/carrefour-valdyerres\\\/wp-content\\\/uploads\\\/sites\\\/182\\\/2024\\\/12\\\/cropped-Val-d_Yerres-Boussy-562x192_RVB.png\",\"contentUrl\":\"https:\\\/\\\/www.centre-commercial.fr\\\/carrefour-valdyerres\\\/wp-content\\\/uploads\\\/sites\\\/182\\\/2024\\\/12\\\/cropped-Val-d_Yerres-Boussy-562x192_RVB.png\",\"width\":563,\"height\":193,\"caption\":\"Centre Commercial Carrefour Val d&#039;Yerres - Boussy\"},\"image\":{\"@id\":\"https:\\\/\\\/www.centre-commercial.fr\\\/carrefour-valdyerres\\\/#\\\/schema\\\/logo\\\/image\\\/\"}}]}<\/script>\n<!-- \/ Yoast SEO plugin. -->","yoast_head_json":{"title":"Duba\u00ef Land - Centre Commercial Carrefour Val d&#039;Yerres - Boussy","robots":{"index":"index","follow":"follow","max-snippet":"max-snippet:-1","max-image-preview":"max-image-preview:large","max-video-preview":"max-video-preview:-1"},"canonical":"https:\/\/www.centre-commercial.fr\/carrefour-valdyerres\/boutique\/dubai-land\/","og_locale":"fr_FR","og_type":"article","og_title":"Duba\u00ef Land - Centre Commercial Carrefour Val d&#039;Yerres - Boussy","og_description":"Venez d\u00e9couvrir une large s\u00e9lection de v\u00eatements, cosm\u00e9tiques, parfums et produits locaux, soigneusement choisis pour vous offrir des produits uniques et de qualit\u00e9. Entre fragrances envo\u00fbtantes, soins inspir\u00e9s des rituels orientaux et pi\u00e8ces de mode tendance, Duba\u00ef Land vous propose une v\u00e9ritable exp\u00e9rience shopping en voyageant \u00e0 Duba\u00ef !","og_url":"https:\/\/www.centre-commercial.fr\/carrefour-valdyerres\/boutique\/dubai-land\/","og_site_name":"Centre Commercial Carrefour Val d&#039;Yerres - Boussy","twitter_card":"summary_large_image","schema":{"@context":"https:\/\/schema.org","@graph":[{"@type":"WebPage","@id":"https:\/\/www.centre-commercial.fr\/carrefour-valdyerres\/boutique\/dubai-land\/","url":"https:\/\/www.centre-commercial.fr\/carrefour-valdyerres\/boutique\/dubai-land\/","name":"Duba\u00ef Land - Centre Commercial Carrefour Val d&#039;Yerres - Boussy","isPartOf":{"@id":"https:\/\/www.centre-commercial.fr\/carrefour-valdyerres\/#website"},"datePublished":"2026-05-18T11:01:40+00:00","breadcrumb":{"@id":"https:\/\/www.centre-commercial.fr\/carrefour-valdyerres\/boutique\/dubai-land\/#breadcrumb"},"inLanguage":"fr-FR","potentialAction":[{"@type":"ReadAction","target":["https:\/\/www.centre-commercial.fr\/carrefour-valdyerres\/boutique\/dubai-land\/"]}]},{"@type":"BreadcrumbList","@id":"https:\/\/www.centre-commercial.fr\/carrefour-valdyerres\/boutique\/dubai-land\/#breadcrumb","itemListElement":[{"@type":"ListItem","position":1,"name":"Accueil","item":"https:\/\/www.centre-commercial.fr\/carrefour-valdyerres\/"},{"@type":"ListItem","position":2,"name":"Boutiques","item":"https:\/\/www.centre-commercial.fr\/carrefour-valdyerres\/boutiques\/"},{"@type":"ListItem","position":3,"name":"Duba\u00ef Land","item":"https:\/\/www.centre-commercial.fr\/carrefour-valdyerres\/boutique\/dubai-land\/"}]},{"@type":"WebSite","@id":"https:\/\/www.centre-commercial.fr\/carrefour-valdyerres\/#website","url":"https:\/\/www.centre-commercial.fr\/carrefour-valdyerres\/","name":"Centre Commercial Carrefour Val d&#039;Yerres - Boussy","description":"","publisher":{"@id":"https:\/\/www.centre-commercial.fr\/carrefour-valdyerres\/#organization"},"potentialAction":[{"@type":"SearchAction","target":{"@type":"EntryPoint","urlTemplate":"https:\/\/www.centre-commercial.fr\/carrefour-valdyerres\/?s={search_term_string}"},"query-input":{"@type":"PropertyValueSpecification","valueRequired":true,"valueName":"search_term_string"}}],"inLanguage":"fr-FR"},{"@type":"Organization","@id":"https:\/\/www.centre-commercial.fr\/carrefour-valdyerres\/#organization","name":"Centre Commercial Carrefour Val d&#039;Yerres - Boussy","url":"https:\/\/www.centre-commercial.fr\/carrefour-valdyerres\/","logo":{"@type":"ImageObject","inLanguage":"fr-FR","@id":"https:\/\/www.centre-commercial.fr\/carrefour-valdyerres\/#\/schema\/logo\/image\/","url":"https:\/\/www.centre-commercial.fr\/carrefour-valdyerres\/wp-content\/uploads\/sites\/182\/2024\/12\/cropped-Val-d_Yerres-Boussy-562x192_RVB.png","contentUrl":"https:\/\/www.centre-commercial.fr\/carrefour-valdyerres\/wp-content\/uploads\/sites\/182\/2024\/12\/cropped-Val-d_Yerres-Boussy-562x192_RVB.png","width":563,"height":193,"caption":"Centre Commercial Carrefour Val d&#039;Yerres - Boussy"},"image":{"@id":"https:\/\/www.centre-commercial.fr\/carrefour-valdyerres\/#\/schema\/logo\/image\/"}}]}},"boutique_nationale":null,"publishpress_future_action":{"enabled":false,"date":"2026-09-08 09:59:56","action":"change-status","newStatus":"draft","terms":[],"taxonomy":"categorie-boutique","extraData":[]},"publishpress_future_workflow_manual_trigger":{"enabledWorkflows":[]},"_links":{"self":[{"href":"https:\/\/www.centre-commercial.fr\/carrefour-valdyerres\/wp-json\/wp\/v2\/boutique\/36349541","targetHints":{"allow":["GET"]}}],"collection":[{"href":"https:\/\/www.centre-commercial.fr\/carrefour-valdyerres\/wp-json\/wp\/v2\/boutique"}],"about":[{"href":"https:\/\/www.centre-commercial.fr\/carrefour-valdyerres\/wp-json\/wp\/v2\/types\/boutique"}],"author":[{"embeddable":true,"href":"https:\/\/www.centre-commercial.fr\/carrefour-valdyerres\/wp-json\/wp\/v2\/users\/52470"}],"version-history":[{"count":1,"href":"https:\/\/www.centre-commercial.fr\/carrefour-valdyerres\/wp-json\/wp\/v2\/boutique\/36349541\/revisions"}],"predecessor-version":[{"id":36349542,"href":"https:\/\/www.centre-commercial.fr\/carrefour-valdyerres\/wp-json\/wp\/v2\/boutique\/36349541\/revisions\/36349542"}],"wp:attachment":[{"href":"https:\/\/www.centre-commercial.fr\/carrefour-valdyerres\/wp-json\/wp\/v2\/media?parent=36349541"}],"wp:term":[{"taxonomy":"categorie-boutique","embeddable":true,"href":"https:\/\/www.centre-commercial.fr\/carrefour-valdyerres\/wp-json\/wp\/v2\/categorie-boutique?post=36349541"}],"curies":[{"name":"wp","href":"https:\/\/api.w.org\/{rel}","templated":true}]}}