{"id":1452909,"date":"2024-10-23T12:09:19","date_gmt":"2024-10-23T10:09:19","guid":{"rendered":"https:\/\/www.centre-commercial.fr\/val-d-yerres\/?post_type=boutique&#038;p=1452909"},"modified":"2026-04-24T09:05:02","modified_gmt":"2026-04-24T07:05:02","slug":"pharmacie","status":"publish","type":"boutique","link":"https:\/\/www.centre-commercial.fr\/carrefour-valdyerres\/boutique\/pharmacie\/","title":{"rendered":"Pharmacie"},"content":{"rendered":"\n<p>Une trentaine de professionnels est \u00e0 votre service et vous apporte chaleur et diversit\u00e9 mais avec toujours comme constante, une \u00e9thique professionnelle.<\/p>\n\n\n\n<p>Nous vous proposons de la diversit\u00e9 : du mat\u00e9riel m\u00e9dico-chirurgical, des proth\u00e8ses mammaires en passant par l&rsquo;hom\u00e9opathie, la nutrith\u00e9rapie et les produits pour b\u00e9b\u00e9s\u2026<\/p>\n\n\n\n<p>Vous trouvez chez nous un grand choix de marques et de prix. Nous poss\u00e9dons \u00e9galement une distribution de m\u00e9dicaments automatis\u00e9e.<\/p>\n\n\n\n<p>Pour les proth\u00e8ses capillaires et proth\u00e8ses mammaires, nous disposons d&rsquo;un espace confin\u00e9 sp\u00e9cifique \u00e0 cet \u00e9gard.<\/p>\n\n\n\n<h2 class=\"wp-block-heading\">Offres : <\/h2>\n\n\n\n<p>\u2022 SERUM PHYSIOLOGIQUE 40 DOSETTES 5ML LAB GIFRER 7\u20ac99<br>\u2022 LES 4 BOITES COTOPADS LOHMANN OU ZYDUS 4\u20ac95 LE SACHET 6\u20ac98 LES 2<br>\u2022 PURESSENTIEL ASSAINISSANT 41HE 200ML 13\u20ac49<br>\u2022 LISTERINE BDB 500ML 2\u20ac99<\/p>\n","protected":false},"author":14,"featured_media":36349464,"template":"","categorie-boutique":[23],"class_list":["post-1452909","boutique","type-boutique","status-publish","has-post-thumbnail","hentry","categorie-boutique-beaute-sante"],"acf":[],"yoast_head":"<!-- This site is optimized with the Yoast SEO plugin v27.7 - https:\/\/yoast.com\/product\/yoast-seo-wordpress\/ -->\n<title>Pharmacie - Centre Commercial Carrefour Val d&#039;Yerres - Boussy<\/title>\n<meta name=\"robots\" content=\"index, follow, max-snippet:-1, max-image-preview:large, max-video-preview:-1\" \/>\n<link rel=\"canonical\" href=\"https:\/\/www.centre-commercial.fr\/carrefour-valdyerres\/boutique\/pharmacie\/\" \/>\n<meta property=\"og:locale\" content=\"fr_FR\" \/>\n<meta property=\"og:type\" content=\"article\" \/>\n<meta property=\"og:title\" content=\"Pharmacie - Centre Commercial Carrefour Val d&#039;Yerres - Boussy\" \/>\n<meta property=\"og:description\" content=\"Une trentaine de professionnels est \u00e0 votre service et vous apporte chaleur et diversit\u00e9 mais avec toujours comme constante, une \u00e9thique professionnelle. Nous vous proposons de la diversit\u00e9 : du mat\u00e9riel m\u00e9dico-chirurgical, des proth\u00e8ses mammaires en passant par l&rsquo;hom\u00e9opathie, la nutrith\u00e9rapie et les produits pour b\u00e9b\u00e9s\u2026 Vous trouvez chez nous un grand choix de marques [&hellip;]\" \/>\n<meta property=\"og:url\" content=\"https:\/\/www.centre-commercial.fr\/carrefour-valdyerres\/boutique\/pharmacie\/\" \/>\n<meta property=\"og:site_name\" content=\"Centre Commercial Carrefour Val d&#039;Yerres - Boussy\" \/>\n<meta property=\"article:modified_time\" content=\"2026-04-24T07:05:02+00:00\" \/>\n<meta property=\"og:image\" content=\"https:\/\/www.centre-commercial.fr\/carrefour-valdyerres\/wp-content\/uploads\/sites\/182\/2024\/10\/Pharmacie-2.png\" \/>\n\t<meta property=\"og:image:width\" content=\"734\" \/>\n\t<meta property=\"og:image:height\" content=\"544\" \/>\n\t<meta property=\"og:image:type\" content=\"image\/png\" \/>\n<meta name=\"twitter:card\" content=\"summary_large_image\" \/>\n<meta name=\"twitter:label1\" content=\"Dur\u00e9e de lecture estim\u00e9e\" \/>\n\t<meta name=\"twitter:data1\" content=\"1 minute\" \/>\n<script type=\"application\/ld+json\" class=\"yoast-schema-graph\">{\"@context\":\"https:\\\/\\\/schema.org\",\"@graph\":[{\"@type\":\"WebPage\",\"@id\":\"https:\\\/\\\/www.centre-commercial.fr\\\/carrefour-valdyerres\\\/boutique\\\/pharmacie\\\/\",\"url\":\"https:\\\/\\\/www.centre-commercial.fr\\\/carrefour-valdyerres\\\/boutique\\\/pharmacie\\\/\",\"name\":\"Pharmacie - Centre Commercial Carrefour Val d&#039;Yerres - Boussy\",\"isPartOf\":{\"@id\":\"https:\\\/\\\/www.centre-commercial.fr\\\/carrefour-valdyerres\\\/#website\"},\"primaryImageOfPage\":{\"@id\":\"https:\\\/\\\/www.centre-commercial.fr\\\/carrefour-valdyerres\\\/boutique\\\/pharmacie\\\/#primaryimage\"},\"image\":{\"@id\":\"https:\\\/\\\/www.centre-commercial.fr\\\/carrefour-valdyerres\\\/boutique\\\/pharmacie\\\/#primaryimage\"},\"thumbnailUrl\":\"https:\\\/\\\/www.centre-commercial.fr\\\/carrefour-valdyerres\\\/wp-content\\\/uploads\\\/sites\\\/182\\\/2024\\\/10\\\/Pharmacie-2.png\",\"datePublished\":\"2024-10-23T10:09:19+00:00\",\"dateModified\":\"2026-04-24T07:05:02+00:00\",\"breadcrumb\":{\"@id\":\"https:\\\/\\\/www.centre-commercial.fr\\\/carrefour-valdyerres\\\/boutique\\\/pharmacie\\\/#breadcrumb\"},\"inLanguage\":\"fr-FR\",\"potentialAction\":[{\"@type\":\"ReadAction\",\"target\":[\"https:\\\/\\\/www.centre-commercial.fr\\\/carrefour-valdyerres\\\/boutique\\\/pharmacie\\\/\"]}]},{\"@type\":\"ImageObject\",\"inLanguage\":\"fr-FR\",\"@id\":\"https:\\\/\\\/www.centre-commercial.fr\\\/carrefour-valdyerres\\\/boutique\\\/pharmacie\\\/#primaryimage\",\"url\":\"https:\\\/\\\/www.centre-commercial.fr\\\/carrefour-valdyerres\\\/wp-content\\\/uploads\\\/sites\\\/182\\\/2024\\\/10\\\/Pharmacie-2.png\",\"contentUrl\":\"https:\\\/\\\/www.centre-commercial.fr\\\/carrefour-valdyerres\\\/wp-content\\\/uploads\\\/sites\\\/182\\\/2024\\\/10\\\/Pharmacie-2.png\",\"width\":734,\"height\":544},{\"@type\":\"BreadcrumbList\",\"@id\":\"https:\\\/\\\/www.centre-commercial.fr\\\/carrefour-valdyerres\\\/boutique\\\/pharmacie\\\/#breadcrumb\",\"itemListElement\":[{\"@type\":\"ListItem\",\"position\":1,\"name\":\"Accueil\",\"item\":\"https:\\\/\\\/www.centre-commercial.fr\\\/carrefour-valdyerres\\\/\"},{\"@type\":\"ListItem\",\"position\":2,\"name\":\"Boutiques\",\"item\":\"https:\\\/\\\/www.centre-commercial.fr\\\/carrefour-valdyerres\\\/boutiques\\\/\"},{\"@type\":\"ListItem\",\"position\":3,\"name\":\"Pharmacie\",\"item\":\"https:\\\/\\\/www.centre-commercial.fr\\\/carrefour-valdyerres\\\/boutique\\\/pharmacie\\\/\"}]},{\"@type\":\"WebSite\",\"@id\":\"https:\\\/\\\/www.centre-commercial.fr\\\/carrefour-valdyerres\\\/#website\",\"url\":\"https:\\\/\\\/www.centre-commercial.fr\\\/carrefour-valdyerres\\\/\",\"name\":\"Centre Commercial Carrefour Val d&#039;Yerres - Boussy\",\"description\":\"\",\"publisher\":{\"@id\":\"https:\\\/\\\/www.centre-commercial.fr\\\/carrefour-valdyerres\\\/#organization\"},\"potentialAction\":[{\"@type\":\"SearchAction\",\"target\":{\"@type\":\"EntryPoint\",\"urlTemplate\":\"https:\\\/\\\/www.centre-commercial.fr\\\/carrefour-valdyerres\\\/?s={search_term_string}\"},\"query-input\":{\"@type\":\"PropertyValueSpecification\",\"valueRequired\":true,\"valueName\":\"search_term_string\"}}],\"inLanguage\":\"fr-FR\"},{\"@type\":\"Organization\",\"@id\":\"https:\\\/\\\/www.centre-commercial.fr\\\/carrefour-valdyerres\\\/#organization\",\"name\":\"Centre Commercial Carrefour Val d&#039;Yerres - Boussy\",\"url\":\"https:\\\/\\\/www.centre-commercial.fr\\\/carrefour-valdyerres\\\/\",\"logo\":{\"@type\":\"ImageObject\",\"inLanguage\":\"fr-FR\",\"@id\":\"https:\\\/\\\/www.centre-commercial.fr\\\/carrefour-valdyerres\\\/#\\\/schema\\\/logo\\\/image\\\/\",\"url\":\"https:\\\/\\\/www.centre-commercial.fr\\\/carrefour-valdyerres\\\/wp-content\\\/uploads\\\/sites\\\/182\\\/2024\\\/12\\\/cropped-Val-d_Yerres-Boussy-562x192_RVB.png\",\"contentUrl\":\"https:\\\/\\\/www.centre-commercial.fr\\\/carrefour-valdyerres\\\/wp-content\\\/uploads\\\/sites\\\/182\\\/2024\\\/12\\\/cropped-Val-d_Yerres-Boussy-562x192_RVB.png\",\"width\":563,\"height\":193,\"caption\":\"Centre Commercial Carrefour Val d&#039;Yerres - Boussy\"},\"image\":{\"@id\":\"https:\\\/\\\/www.centre-commercial.fr\\\/carrefour-valdyerres\\\/#\\\/schema\\\/logo\\\/image\\\/\"}}]}<\/script>\n<!-- \/ Yoast SEO plugin. -->","yoast_head_json":{"title":"Pharmacie - Centre Commercial Carrefour Val d&#039;Yerres - Boussy","robots":{"index":"index","follow":"follow","max-snippet":"max-snippet:-1","max-image-preview":"max-image-preview:large","max-video-preview":"max-video-preview:-1"},"canonical":"https:\/\/www.centre-commercial.fr\/carrefour-valdyerres\/boutique\/pharmacie\/","og_locale":"fr_FR","og_type":"article","og_title":"Pharmacie - Centre Commercial Carrefour Val d&#039;Yerres - Boussy","og_description":"Une trentaine de professionnels est \u00e0 votre service et vous apporte chaleur et diversit\u00e9 mais avec toujours comme constante, une \u00e9thique professionnelle. Nous vous proposons de la diversit\u00e9 : du mat\u00e9riel m\u00e9dico-chirurgical, des proth\u00e8ses mammaires en passant par l&rsquo;hom\u00e9opathie, la nutrith\u00e9rapie et les produits pour b\u00e9b\u00e9s\u2026 Vous trouvez chez nous un grand choix de marques [&hellip;]","og_url":"https:\/\/www.centre-commercial.fr\/carrefour-valdyerres\/boutique\/pharmacie\/","og_site_name":"Centre Commercial Carrefour Val d&#039;Yerres - Boussy","article_modified_time":"2026-04-24T07:05:02+00:00","og_image":[{"width":734,"height":544,"url":"https:\/\/www.centre-commercial.fr\/carrefour-valdyerres\/wp-content\/uploads\/sites\/182\/2024\/10\/Pharmacie-2.png","type":"image\/png"}],"twitter_card":"summary_large_image","twitter_misc":{"Dur\u00e9e de lecture estim\u00e9e":"1 minute"},"schema":{"@context":"https:\/\/schema.org","@graph":[{"@type":"WebPage","@id":"https:\/\/www.centre-commercial.fr\/carrefour-valdyerres\/boutique\/pharmacie\/","url":"https:\/\/www.centre-commercial.fr\/carrefour-valdyerres\/boutique\/pharmacie\/","name":"Pharmacie - Centre Commercial Carrefour Val d&#039;Yerres - Boussy","isPartOf":{"@id":"https:\/\/www.centre-commercial.fr\/carrefour-valdyerres\/#website"},"primaryImageOfPage":{"@id":"https:\/\/www.centre-commercial.fr\/carrefour-valdyerres\/boutique\/pharmacie\/#primaryimage"},"image":{"@id":"https:\/\/www.centre-commercial.fr\/carrefour-valdyerres\/boutique\/pharmacie\/#primaryimage"},"thumbnailUrl":"https:\/\/www.centre-commercial.fr\/carrefour-valdyerres\/wp-content\/uploads\/sites\/182\/2024\/10\/Pharmacie-2.png","datePublished":"2024-10-23T10:09:19+00:00","dateModified":"2026-04-24T07:05:02+00:00","breadcrumb":{"@id":"https:\/\/www.centre-commercial.fr\/carrefour-valdyerres\/boutique\/pharmacie\/#breadcrumb"},"inLanguage":"fr-FR","potentialAction":[{"@type":"ReadAction","target":["https:\/\/www.centre-commercial.fr\/carrefour-valdyerres\/boutique\/pharmacie\/"]}]},{"@type":"ImageObject","inLanguage":"fr-FR","@id":"https:\/\/www.centre-commercial.fr\/carrefour-valdyerres\/boutique\/pharmacie\/#primaryimage","url":"https:\/\/www.centre-commercial.fr\/carrefour-valdyerres\/wp-content\/uploads\/sites\/182\/2024\/10\/Pharmacie-2.png","contentUrl":"https:\/\/www.centre-commercial.fr\/carrefour-valdyerres\/wp-content\/uploads\/sites\/182\/2024\/10\/Pharmacie-2.png","width":734,"height":544},{"@type":"BreadcrumbList","@id":"https:\/\/www.centre-commercial.fr\/carrefour-valdyerres\/boutique\/pharmacie\/#breadcrumb","itemListElement":[{"@type":"ListItem","position":1,"name":"Accueil","item":"https:\/\/www.centre-commercial.fr\/carrefour-valdyerres\/"},{"@type":"ListItem","position":2,"name":"Boutiques","item":"https:\/\/www.centre-commercial.fr\/carrefour-valdyerres\/boutiques\/"},{"@type":"ListItem","position":3,"name":"Pharmacie","item":"https:\/\/www.centre-commercial.fr\/carrefour-valdyerres\/boutique\/pharmacie\/"}]},{"@type":"WebSite","@id":"https:\/\/www.centre-commercial.fr\/carrefour-valdyerres\/#website","url":"https:\/\/www.centre-commercial.fr\/carrefour-valdyerres\/","name":"Centre Commercial Carrefour Val d&#039;Yerres - Boussy","description":"","publisher":{"@id":"https:\/\/www.centre-commercial.fr\/carrefour-valdyerres\/#organization"},"potentialAction":[{"@type":"SearchAction","target":{"@type":"EntryPoint","urlTemplate":"https:\/\/www.centre-commercial.fr\/carrefour-valdyerres\/?s={search_term_string}"},"query-input":{"@type":"PropertyValueSpecification","valueRequired":true,"valueName":"search_term_string"}}],"inLanguage":"fr-FR"},{"@type":"Organization","@id":"https:\/\/www.centre-commercial.fr\/carrefour-valdyerres\/#organization","name":"Centre Commercial Carrefour Val d&#039;Yerres - Boussy","url":"https:\/\/www.centre-commercial.fr\/carrefour-valdyerres\/","logo":{"@type":"ImageObject","inLanguage":"fr-FR","@id":"https:\/\/www.centre-commercial.fr\/carrefour-valdyerres\/#\/schema\/logo\/image\/","url":"https:\/\/www.centre-commercial.fr\/carrefour-valdyerres\/wp-content\/uploads\/sites\/182\/2024\/12\/cropped-Val-d_Yerres-Boussy-562x192_RVB.png","contentUrl":"https:\/\/www.centre-commercial.fr\/carrefour-valdyerres\/wp-content\/uploads\/sites\/182\/2024\/12\/cropped-Val-d_Yerres-Boussy-562x192_RVB.png","width":563,"height":193,"caption":"Centre Commercial Carrefour Val d&#039;Yerres - Boussy"},"image":{"@id":"https:\/\/www.centre-commercial.fr\/carrefour-valdyerres\/#\/schema\/logo\/image\/"}}]}},"boutique_nationale":null,"publishpress_future_action":{"enabled":false,"date":"2026-09-08 09:59:14","action":"change-status","newStatus":"draft","terms":[],"taxonomy":"categorie-boutique","extraData":[]},"publishpress_future_workflow_manual_trigger":{"enabledWorkflows":[]},"_links":{"self":[{"href":"https:\/\/www.centre-commercial.fr\/carrefour-valdyerres\/wp-json\/wp\/v2\/boutique\/1452909","targetHints":{"allow":["GET"]}}],"collection":[{"href":"https:\/\/www.centre-commercial.fr\/carrefour-valdyerres\/wp-json\/wp\/v2\/boutique"}],"about":[{"href":"https:\/\/www.centre-commercial.fr\/carrefour-valdyerres\/wp-json\/wp\/v2\/types\/boutique"}],"author":[{"embeddable":true,"href":"https:\/\/www.centre-commercial.fr\/carrefour-valdyerres\/wp-json\/wp\/v2\/users\/14"}],"version-history":[{"count":1,"href":"https:\/\/www.centre-commercial.fr\/carrefour-valdyerres\/wp-json\/wp\/v2\/boutique\/1452909\/revisions"}],"predecessor-version":[{"id":1452911,"href":"https:\/\/www.centre-commercial.fr\/carrefour-valdyerres\/wp-json\/wp\/v2\/boutique\/1452909\/revisions\/1452911"}],"wp:featuredmedia":[{"embeddable":true,"href":"https:\/\/www.centre-commercial.fr\/carrefour-valdyerres\/wp-json\/wp\/v2\/media\/36349464"}],"wp:attachment":[{"href":"https:\/\/www.centre-commercial.fr\/carrefour-valdyerres\/wp-json\/wp\/v2\/media?parent=1452909"}],"wp:term":[{"taxonomy":"categorie-boutique","embeddable":true,"href":"https:\/\/www.centre-commercial.fr\/carrefour-valdyerres\/wp-json\/wp\/v2\/categorie-boutique?post=1452909"}],"curies":[{"name":"wp","href":"https:\/\/api.w.org\/{rel}","templated":true}]}}