{"id":1452844,"date":"2024-10-23T10:22:43","date_gmt":"2024-10-23T08:22:43","guid":{"rendered":"https:\/\/www.centre-commercial.fr\/val-d-yerres\/?post_type=boutique&#038;p=1452844"},"modified":"2026-04-16T16:25:16","modified_gmt":"2026-04-16T14:25:16","slug":"audio-pour-tous","status":"publish","type":"boutique","link":"https:\/\/www.centre-commercial.fr\/carrefour-valdyerres\/boutique\/audio-pour-tous\/","title":{"rendered":"Audio Pour Tous"},"content":{"rendered":"\n<p>De la r\u00e9alisation de votre bilan auditif \u00e0 votre accompagnement sur-mesure, jusqu\u2019\u00e0 l\u2019entretien et les r\u00e9glages illimit\u00e9s de vos appareils, nos audioproth\u00e9sistes Audio Pour Tous vous assurent le meilleur de l\u2019audition au meilleur prix, avec des aides auditives adapt\u00e9es \u00e0 votre quotidien, vos envies et votre budget !<\/p>\n\n\n\n<p>Puisque selon nous, bien entendre ne devrait pas \u00eatre un luxe, nous avons comme parti pris de ne proposer que les aides auditives les plus performantes et dites haut de gamme, aux prix les plus bas observ\u00e9s sur le march\u00e9 fran\u00e7ais.<\/p>\n\n\n\n<p>Nos \u00e9quipes d\u2019audioproth\u00e9sistes dipl\u00f4m\u00e9s d\u2019Etat vous propose le d\u00e9pistage auditif gratuit et vous attendent d\u00e8s \u00e0 pr\u00e9sent dans votre centre auditif Audio Pour Tous du Cora Val d\u2019Yerres !<\/p>\n","protected":false},"author":14,"featured_media":36349441,"template":"","categorie-boutique":[23],"class_list":["post-1452844","boutique","type-boutique","status-publish","has-post-thumbnail","hentry","categorie-boutique-beaute-sante"],"acf":[],"yoast_head":"<!-- This site is optimized with the Yoast SEO plugin v27.7 - https:\/\/yoast.com\/product\/yoast-seo-wordpress\/ -->\n<title>Audio Pour Tous - Centre Commercial Carrefour Val d&#039;Yerres - Boussy<\/title>\n<meta name=\"robots\" content=\"index, follow, max-snippet:-1, max-image-preview:large, max-video-preview:-1\" \/>\n<link rel=\"canonical\" href=\"https:\/\/www.centre-commercial.fr\/carrefour-valdyerres\/boutique\/audio-pour-tous\/\" \/>\n<meta property=\"og:locale\" content=\"fr_FR\" \/>\n<meta property=\"og:type\" content=\"article\" \/>\n<meta property=\"og:title\" content=\"Audio Pour Tous - Centre Commercial Carrefour Val d&#039;Yerres - Boussy\" \/>\n<meta property=\"og:description\" content=\"De la r\u00e9alisation de votre bilan auditif \u00e0 votre accompagnement sur-mesure, jusqu\u2019\u00e0 l\u2019entretien et les r\u00e9glages illimit\u00e9s de vos appareils, nos audioproth\u00e9sistes Audio Pour Tous vous assurent le meilleur de l\u2019audition au meilleur prix, avec des aides auditives adapt\u00e9es \u00e0 votre quotidien, vos envies et votre budget ! Puisque selon nous, bien entendre ne devrait [&hellip;]\" \/>\n<meta property=\"og:url\" content=\"https:\/\/www.centre-commercial.fr\/carrefour-valdyerres\/boutique\/audio-pour-tous\/\" \/>\n<meta property=\"og:site_name\" content=\"Centre Commercial Carrefour Val d&#039;Yerres - Boussy\" \/>\n<meta property=\"article:modified_time\" content=\"2026-04-16T14:25:16+00:00\" \/>\n<meta property=\"og:image\" content=\"https:\/\/www.centre-commercial.fr\/carrefour-valdyerres\/wp-content\/uploads\/sites\/182\/2024\/10\/Audio-pour-tous.jpg\" \/>\n\t<meta property=\"og:image:width\" content=\"877\" \/>\n\t<meta property=\"og:image:height\" content=\"262\" \/>\n\t<meta property=\"og:image:type\" content=\"image\/jpeg\" \/>\n<meta name=\"twitter:card\" content=\"summary_large_image\" \/>\n<meta name=\"twitter:label1\" content=\"Dur\u00e9e de lecture estim\u00e9e\" \/>\n\t<meta name=\"twitter:data1\" content=\"1 minute\" \/>\n<script type=\"application\/ld+json\" class=\"yoast-schema-graph\">{\"@context\":\"https:\\\/\\\/schema.org\",\"@graph\":[{\"@type\":\"WebPage\",\"@id\":\"https:\\\/\\\/www.centre-commercial.fr\\\/carrefour-valdyerres\\\/boutique\\\/audio-pour-tous\\\/\",\"url\":\"https:\\\/\\\/www.centre-commercial.fr\\\/carrefour-valdyerres\\\/boutique\\\/audio-pour-tous\\\/\",\"name\":\"Audio Pour Tous - Centre Commercial Carrefour Val d&#039;Yerres - Boussy\",\"isPartOf\":{\"@id\":\"https:\\\/\\\/www.centre-commercial.fr\\\/carrefour-valdyerres\\\/#website\"},\"primaryImageOfPage\":{\"@id\":\"https:\\\/\\\/www.centre-commercial.fr\\\/carrefour-valdyerres\\\/boutique\\\/audio-pour-tous\\\/#primaryimage\"},\"image\":{\"@id\":\"https:\\\/\\\/www.centre-commercial.fr\\\/carrefour-valdyerres\\\/boutique\\\/audio-pour-tous\\\/#primaryimage\"},\"thumbnailUrl\":\"https:\\\/\\\/www.centre-commercial.fr\\\/carrefour-valdyerres\\\/wp-content\\\/uploads\\\/sites\\\/182\\\/2024\\\/10\\\/Audio-pour-tous.jpg\",\"datePublished\":\"2024-10-23T08:22:43+00:00\",\"dateModified\":\"2026-04-16T14:25:16+00:00\",\"breadcrumb\":{\"@id\":\"https:\\\/\\\/www.centre-commercial.fr\\\/carrefour-valdyerres\\\/boutique\\\/audio-pour-tous\\\/#breadcrumb\"},\"inLanguage\":\"fr-FR\",\"potentialAction\":[{\"@type\":\"ReadAction\",\"target\":[\"https:\\\/\\\/www.centre-commercial.fr\\\/carrefour-valdyerres\\\/boutique\\\/audio-pour-tous\\\/\"]}]},{\"@type\":\"ImageObject\",\"inLanguage\":\"fr-FR\",\"@id\":\"https:\\\/\\\/www.centre-commercial.fr\\\/carrefour-valdyerres\\\/boutique\\\/audio-pour-tous\\\/#primaryimage\",\"url\":\"https:\\\/\\\/www.centre-commercial.fr\\\/carrefour-valdyerres\\\/wp-content\\\/uploads\\\/sites\\\/182\\\/2024\\\/10\\\/Audio-pour-tous.jpg\",\"contentUrl\":\"https:\\\/\\\/www.centre-commercial.fr\\\/carrefour-valdyerres\\\/wp-content\\\/uploads\\\/sites\\\/182\\\/2024\\\/10\\\/Audio-pour-tous.jpg\",\"width\":877,\"height\":262},{\"@type\":\"BreadcrumbList\",\"@id\":\"https:\\\/\\\/www.centre-commercial.fr\\\/carrefour-valdyerres\\\/boutique\\\/audio-pour-tous\\\/#breadcrumb\",\"itemListElement\":[{\"@type\":\"ListItem\",\"position\":1,\"name\":\"Accueil\",\"item\":\"https:\\\/\\\/www.centre-commercial.fr\\\/carrefour-valdyerres\\\/\"},{\"@type\":\"ListItem\",\"position\":2,\"name\":\"Boutiques\",\"item\":\"https:\\\/\\\/www.centre-commercial.fr\\\/carrefour-valdyerres\\\/boutiques\\\/\"},{\"@type\":\"ListItem\",\"position\":3,\"name\":\"Audio Pour Tous\",\"item\":\"https:\\\/\\\/www.centre-commercial.fr\\\/carrefour-valdyerres\\\/boutique\\\/audio-pour-tous\\\/\"}]},{\"@type\":\"WebSite\",\"@id\":\"https:\\\/\\\/www.centre-commercial.fr\\\/carrefour-valdyerres\\\/#website\",\"url\":\"https:\\\/\\\/www.centre-commercial.fr\\\/carrefour-valdyerres\\\/\",\"name\":\"Centre Commercial Carrefour Val d&#039;Yerres - Boussy\",\"description\":\"\",\"publisher\":{\"@id\":\"https:\\\/\\\/www.centre-commercial.fr\\\/carrefour-valdyerres\\\/#organization\"},\"potentialAction\":[{\"@type\":\"SearchAction\",\"target\":{\"@type\":\"EntryPoint\",\"urlTemplate\":\"https:\\\/\\\/www.centre-commercial.fr\\\/carrefour-valdyerres\\\/?s={search_term_string}\"},\"query-input\":{\"@type\":\"PropertyValueSpecification\",\"valueRequired\":true,\"valueName\":\"search_term_string\"}}],\"inLanguage\":\"fr-FR\"},{\"@type\":\"Organization\",\"@id\":\"https:\\\/\\\/www.centre-commercial.fr\\\/carrefour-valdyerres\\\/#organization\",\"name\":\"Centre Commercial Carrefour Val d&#039;Yerres - Boussy\",\"url\":\"https:\\\/\\\/www.centre-commercial.fr\\\/carrefour-valdyerres\\\/\",\"logo\":{\"@type\":\"ImageObject\",\"inLanguage\":\"fr-FR\",\"@id\":\"https:\\\/\\\/www.centre-commercial.fr\\\/carrefour-valdyerres\\\/#\\\/schema\\\/logo\\\/image\\\/\",\"url\":\"https:\\\/\\\/www.centre-commercial.fr\\\/carrefour-valdyerres\\\/wp-content\\\/uploads\\\/sites\\\/182\\\/2024\\\/12\\\/cropped-Val-d_Yerres-Boussy-562x192_RVB.png\",\"contentUrl\":\"https:\\\/\\\/www.centre-commercial.fr\\\/carrefour-valdyerres\\\/wp-content\\\/uploads\\\/sites\\\/182\\\/2024\\\/12\\\/cropped-Val-d_Yerres-Boussy-562x192_RVB.png\",\"width\":563,\"height\":193,\"caption\":\"Centre Commercial Carrefour Val d&#039;Yerres - Boussy\"},\"image\":{\"@id\":\"https:\\\/\\\/www.centre-commercial.fr\\\/carrefour-valdyerres\\\/#\\\/schema\\\/logo\\\/image\\\/\"}}]}<\/script>\n<!-- \/ Yoast SEO plugin. -->","yoast_head_json":{"title":"Audio Pour Tous - Centre Commercial Carrefour Val d&#039;Yerres - Boussy","robots":{"index":"index","follow":"follow","max-snippet":"max-snippet:-1","max-image-preview":"max-image-preview:large","max-video-preview":"max-video-preview:-1"},"canonical":"https:\/\/www.centre-commercial.fr\/carrefour-valdyerres\/boutique\/audio-pour-tous\/","og_locale":"fr_FR","og_type":"article","og_title":"Audio Pour Tous - Centre Commercial Carrefour Val d&#039;Yerres - Boussy","og_description":"De la r\u00e9alisation de votre bilan auditif \u00e0 votre accompagnement sur-mesure, jusqu\u2019\u00e0 l\u2019entretien et les r\u00e9glages illimit\u00e9s de vos appareils, nos audioproth\u00e9sistes Audio Pour Tous vous assurent le meilleur de l\u2019audition au meilleur prix, avec des aides auditives adapt\u00e9es \u00e0 votre quotidien, vos envies et votre budget ! Puisque selon nous, bien entendre ne devrait [&hellip;]","og_url":"https:\/\/www.centre-commercial.fr\/carrefour-valdyerres\/boutique\/audio-pour-tous\/","og_site_name":"Centre Commercial Carrefour Val d&#039;Yerres - Boussy","article_modified_time":"2026-04-16T14:25:16+00:00","og_image":[{"width":877,"height":262,"url":"https:\/\/www.centre-commercial.fr\/carrefour-valdyerres\/wp-content\/uploads\/sites\/182\/2024\/10\/Audio-pour-tous.jpg","type":"image\/jpeg"}],"twitter_card":"summary_large_image","twitter_misc":{"Dur\u00e9e de lecture estim\u00e9e":"1 minute"},"schema":{"@context":"https:\/\/schema.org","@graph":[{"@type":"WebPage","@id":"https:\/\/www.centre-commercial.fr\/carrefour-valdyerres\/boutique\/audio-pour-tous\/","url":"https:\/\/www.centre-commercial.fr\/carrefour-valdyerres\/boutique\/audio-pour-tous\/","name":"Audio Pour Tous - Centre Commercial Carrefour Val d&#039;Yerres - Boussy","isPartOf":{"@id":"https:\/\/www.centre-commercial.fr\/carrefour-valdyerres\/#website"},"primaryImageOfPage":{"@id":"https:\/\/www.centre-commercial.fr\/carrefour-valdyerres\/boutique\/audio-pour-tous\/#primaryimage"},"image":{"@id":"https:\/\/www.centre-commercial.fr\/carrefour-valdyerres\/boutique\/audio-pour-tous\/#primaryimage"},"thumbnailUrl":"https:\/\/www.centre-commercial.fr\/carrefour-valdyerres\/wp-content\/uploads\/sites\/182\/2024\/10\/Audio-pour-tous.jpg","datePublished":"2024-10-23T08:22:43+00:00","dateModified":"2026-04-16T14:25:16+00:00","breadcrumb":{"@id":"https:\/\/www.centre-commercial.fr\/carrefour-valdyerres\/boutique\/audio-pour-tous\/#breadcrumb"},"inLanguage":"fr-FR","potentialAction":[{"@type":"ReadAction","target":["https:\/\/www.centre-commercial.fr\/carrefour-valdyerres\/boutique\/audio-pour-tous\/"]}]},{"@type":"ImageObject","inLanguage":"fr-FR","@id":"https:\/\/www.centre-commercial.fr\/carrefour-valdyerres\/boutique\/audio-pour-tous\/#primaryimage","url":"https:\/\/www.centre-commercial.fr\/carrefour-valdyerres\/wp-content\/uploads\/sites\/182\/2024\/10\/Audio-pour-tous.jpg","contentUrl":"https:\/\/www.centre-commercial.fr\/carrefour-valdyerres\/wp-content\/uploads\/sites\/182\/2024\/10\/Audio-pour-tous.jpg","width":877,"height":262},{"@type":"BreadcrumbList","@id":"https:\/\/www.centre-commercial.fr\/carrefour-valdyerres\/boutique\/audio-pour-tous\/#breadcrumb","itemListElement":[{"@type":"ListItem","position":1,"name":"Accueil","item":"https:\/\/www.centre-commercial.fr\/carrefour-valdyerres\/"},{"@type":"ListItem","position":2,"name":"Boutiques","item":"https:\/\/www.centre-commercial.fr\/carrefour-valdyerres\/boutiques\/"},{"@type":"ListItem","position":3,"name":"Audio Pour Tous","item":"https:\/\/www.centre-commercial.fr\/carrefour-valdyerres\/boutique\/audio-pour-tous\/"}]},{"@type":"WebSite","@id":"https:\/\/www.centre-commercial.fr\/carrefour-valdyerres\/#website","url":"https:\/\/www.centre-commercial.fr\/carrefour-valdyerres\/","name":"Centre Commercial Carrefour Val d&#039;Yerres - Boussy","description":"","publisher":{"@id":"https:\/\/www.centre-commercial.fr\/carrefour-valdyerres\/#organization"},"potentialAction":[{"@type":"SearchAction","target":{"@type":"EntryPoint","urlTemplate":"https:\/\/www.centre-commercial.fr\/carrefour-valdyerres\/?s={search_term_string}"},"query-input":{"@type":"PropertyValueSpecification","valueRequired":true,"valueName":"search_term_string"}}],"inLanguage":"fr-FR"},{"@type":"Organization","@id":"https:\/\/www.centre-commercial.fr\/carrefour-valdyerres\/#organization","name":"Centre Commercial Carrefour Val d&#039;Yerres - Boussy","url":"https:\/\/www.centre-commercial.fr\/carrefour-valdyerres\/","logo":{"@type":"ImageObject","inLanguage":"fr-FR","@id":"https:\/\/www.centre-commercial.fr\/carrefour-valdyerres\/#\/schema\/logo\/image\/","url":"https:\/\/www.centre-commercial.fr\/carrefour-valdyerres\/wp-content\/uploads\/sites\/182\/2024\/12\/cropped-Val-d_Yerres-Boussy-562x192_RVB.png","contentUrl":"https:\/\/www.centre-commercial.fr\/carrefour-valdyerres\/wp-content\/uploads\/sites\/182\/2024\/12\/cropped-Val-d_Yerres-Boussy-562x192_RVB.png","width":563,"height":193,"caption":"Centre Commercial Carrefour Val d&#039;Yerres - Boussy"},"image":{"@id":"https:\/\/www.centre-commercial.fr\/carrefour-valdyerres\/#\/schema\/logo\/image\/"}}]}},"boutique_nationale":null,"publishpress_future_action":{"enabled":false,"date":"2026-09-08 09:02:20","action":"change-status","newStatus":"draft","terms":[],"taxonomy":"categorie-boutique","extraData":[]},"publishpress_future_workflow_manual_trigger":{"enabledWorkflows":[]},"_links":{"self":[{"href":"https:\/\/www.centre-commercial.fr\/carrefour-valdyerres\/wp-json\/wp\/v2\/boutique\/1452844","targetHints":{"allow":["GET"]}}],"collection":[{"href":"https:\/\/www.centre-commercial.fr\/carrefour-valdyerres\/wp-json\/wp\/v2\/boutique"}],"about":[{"href":"https:\/\/www.centre-commercial.fr\/carrefour-valdyerres\/wp-json\/wp\/v2\/types\/boutique"}],"author":[{"embeddable":true,"href":"https:\/\/www.centre-commercial.fr\/carrefour-valdyerres\/wp-json\/wp\/v2\/users\/14"}],"version-history":[{"count":4,"href":"https:\/\/www.centre-commercial.fr\/carrefour-valdyerres\/wp-json\/wp\/v2\/boutique\/1452844\/revisions"}],"predecessor-version":[{"id":1452950,"href":"https:\/\/www.centre-commercial.fr\/carrefour-valdyerres\/wp-json\/wp\/v2\/boutique\/1452844\/revisions\/1452950"}],"wp:featuredmedia":[{"embeddable":true,"href":"https:\/\/www.centre-commercial.fr\/carrefour-valdyerres\/wp-json\/wp\/v2\/media\/36349441"}],"wp:attachment":[{"href":"https:\/\/www.centre-commercial.fr\/carrefour-valdyerres\/wp-json\/wp\/v2\/media?parent=1452844"}],"wp:term":[{"taxonomy":"categorie-boutique","embeddable":true,"href":"https:\/\/www.centre-commercial.fr\/carrefour-valdyerres\/wp-json\/wp\/v2\/categorie-boutique?post=1452844"}],"curies":[{"name":"wp","href":"https:\/\/api.w.org\/{rel}","templated":true}]}}